{"id":368776,"date":"2026-01-10T21:28:10","date_gmt":"2026-01-10T13:28:10","guid":{"rendered":"https:\/\/www.dafennet.com\/?post_type=product&#038;p=368776"},"modified":"2026-01-10T21:30:11","modified_gmt":"2026-01-10T13:30:11","slug":"alphonse-mucha-morgenstern-1902-handgemaltes-olgemalde-reproduktion-jugendstil-wandkunst","status":"publish","type":"product","link":"https:\/\/www.dafennet.com\/de\/alphonse-mucha-morning-star-1902-hand-painted-oil-painting-reproduction-art-nouveau-wall-art\/","title":{"rendered":"Alphonse Mucha \u201cMorgenstern\u201d (1902) - Handgemaltes \u00d6lgem\u00e4lde Reproduktion | Jugendstil Wandkunst"},"content":{"rendered":"<h2>Alphonse Maria Mucha - Morgenstern (1902)<\/h2>\n<p>Bringen Sie himmlische Eleganz in Ihren Raum mit dieser handgemalten \u00d6lgem\u00e4lde-Reproduktion von<br \/>\n<strong>\u201cMorgenstern\u201d (1902)<\/strong> von <strong>Alphonse Maria Mucha (1860-1939)<\/strong>,<br \/>\ndem ber\u00fchmten symbolistischen Maler und Grafiker.<br \/>\nDieses Werk, das in der reifen Phase von Muchas Karriere entstand, spiegelt seine Faszination f\u00fcr<br \/>\nkosmische Symbolik, weibliche Anmut und spirituelle Sch\u00f6nheit.<\/p>\n<p>Die Komposition zeigt eine strahlende weibliche Figur, die von Sternen und ornamentalen Mustern umgeben ist,<br \/>\nin sanfte, leuchtende T\u00f6ne getaucht. Flie\u00dfende Linien, harmonische Farben und poetische Atmosph\u00e4re<br \/>\nmachen. <em>Morgenstern<\/em> ein zeitloses Beispiel f\u00fcr die dekorative Kunst des Jugendstils in seiner sch\u00f6nsten Form.<\/p>\n<p>Dieses Kunstwerk ist Teil unserer kuratierten<br \/>\n<a href=\"https:\/\/www.dafennet.com\/de\/beruhmte-kunstler\/alphonse-mucha-oil-paintings\/\" target=\"_blank\" rel=\"noopener\"><br \/>\nSammlung von \u00d6lgem\u00e4lden von Alphonse Mucha<br \/>\n<\/a>,<br \/>\nmit handgemalten Reproduktionen, die von dem Jugendstilmeister Alphonse Maria Mucha inspiriert sind.<\/p>\n<h3>Handgemalt von Dafen Oil Painting Studio<\/h3>\n<p>Mit Sitz in <strong>Dafen Dorf<\/strong>, Unser Studio ist spezialisiert auf<br \/>\n<strong>Reproduktionen von handgemalten \u00d6lgem\u00e4lden in Museumsqualit\u00e4t<\/strong>.<br \/>\nJedes Gem\u00e4lde wird individuell von erfahrenen K\u00fcnstlern in traditionellen \u00d6ltechniken angefertigt,<br \/>\nSie sorgen f\u00fcr reichhaltige Texturen, weiche Farbverl\u00e4ufe und detailgetreue Verzierungen.<\/p>\n<ul>\n<li>100% Handgemaltes \u00d6lgem\u00e4lde auf Leinwand<\/li>\n<li>Kein Druck oder digitale Reproduktion<\/li>\n<li>Sichtbare Pinseltextur und malerische Tiefe<\/li>\n<\/ul>\n<h3>Perfekt f\u00fcr<\/h3>\n<ul>\n<li>Wohn-, Schlaf- und Meditationsr\u00e4ume<\/li>\n<li>Elegantes, klassisches und Jugendstil-Interieur<\/li>\n<li>Sammler von symbolistischer und himmlischer Kunst<\/li>\n<\/ul>\n<h3>Gr\u00f6\u00dfen und Optionen<\/h3>\n<p>Beliebte Gr\u00f6\u00dfen sind <strong>16\u00d724 Zoll<\/strong>, <strong>20\u00d730 in<\/strong>, und <strong>24\u00d736 Zoll<\/strong>.<br \/>\nKundenspezifische Gr\u00f6\u00dfen sind auf Anfrage erh\u00e4ltlich.<br \/>\nStandardausf\u00fchrung: <strong>Ohne Rahmen<\/strong> (Rahmung auf Anfrage erh\u00e4ltlich).<\/p>\n<h3>Verpackung und Versand<\/h3>\n<ul>\n<li>Sorgf\u00e4ltig gerollt und in Schutzh\u00fclsen verpackt<\/li>\n<li>Weltweiter Versand m\u00f6glich<\/li>\n<li>Auf Bestellung gefertigt: typischerweise <strong>7-14 Arbeitstage<\/strong> Verarbeitung<\/li>\n<\/ul>\n<hr \/>\n<h3>Verwandte handgemalte \u00d6lgem\u00e4lde von Alphonse Mucha<\/h3>\n<p>&nbsp;<\/p>\n<ul>\n<li><a href=\"\/de\/produkt\/alphonse-mucha-winter-1897-hand-painted-oil-painting\/\">Winter (1897) - Die Jahreszeiten-Serie<\/a><\/li>\n<li><a href=\"\/de\/produkt\/alphonse-mucha-job-1894-hand-painted-oil-painting\/\">JOB (1894) - Jugendstil-Plakatmalerei<\/a><\/li>\n<\/ul>\n<p>&nbsp;<\/p>\n<p><span style=\"color: #555555;\">\u00a0<\/span><img decoding=\"async\" class=\"alignnone size-medium wp-image-14240 lazy-load-active\" style=\"color: #555555; font-size: 14.4px;\" title=\"\u00d6lgem\u00e4lde \u2019Der Wanderer \u00fcber dem Nebelmeer\u201c | Reproduktion von Caspar David Friedrich | Dafen Village Art 3\" src=\"https:\/\/www.dafennet.com\/wp-content\/uploads\/2024\/01\/%E6%9C%AA%E6%A0%87%E9%A2%98-1-1-800x397.gif\" sizes=\"(max-width: 800px) 100vw, 800px\" srcset=\"https:\/\/www.dafennet.com\/wp-content\/uploads\/2024\/01\/\u672a\u6807\u9898-1-1-800x397.gif 800w, https:\/\/www.dafennet.com\/wp-content\/uploads\/2024\/01\/\u672a\u6807\u9898-1-1-768x381.gif 768w, https:\/\/www.dafennet.com\/wp-content\/uploads\/2024\/01\/\u672a\u6807\u9898-1-1-510x253.gif 510w\" alt=\"\u00d6lgem\u00e4lde \u2019Der Wanderer \u00fcber dem Nebelmeer\u201c | Reproduktion von Caspar David Friedrich | \u00d6lgem\u00e4lde aus dem Dafen Village Art Studio\" width=\"800\" height=\"397\" data-src=\"https:\/\/www.dafennet.com\/wp-content\/uploads\/2024\/01\/%E6%9C%AA%E6%A0%87%E9%A2%98-1-1-800x397.gif\" data-srcset=\"https:\/\/www.dafennet.com\/wp-content\/uploads\/2024\/01\/\u672a\u6807\u9898-1-1-800x397.gif 800w, https:\/\/www.dafennet.com\/wp-content\/uploads\/2024\/01\/\u672a\u6807\u9898-1-1-768x381.gif 768w, https:\/\/www.dafennet.com\/wp-content\/uploads\/2024\/01\/\u672a\u6807\u9898-1-1-510x253.gif 510w\" \/><img decoding=\"async\" class=\"alignnone size-medium wp-image-14241 lazy-load-active\" style=\"color: #555555; font-size: 14.4px;\" title=\"\u00d6lgem\u00e4lde \u2019Der Wanderer \u00fcber dem Nebelmeer\u201c | Reproduktion von Caspar David Friedrich | Dafen Village Art 4\" src=\"https:\/\/www.dafennet.com\/wp-content\/uploads\/2024\/01\/33-800x201.gif\" sizes=\"(max-width: 800px) 100vw, 800px\" srcset=\"https:\/\/www.dafennet.com\/wp-content\/uploads\/2024\/01\/33-800x201.gif 800w, https:\/\/www.dafennet.com\/wp-content\/uploads\/2024\/01\/33-768x193.gif 768w, https:\/\/www.dafennet.com\/wp-content\/uploads\/2024\/01\/33-510x128.gif 510w\" alt=\"\u00d6lgem\u00e4lde \u2019Der Wanderer \u00fcber dem Nebelmeer\u201c | Reproduktion von Caspar David Friedrich | \u00d6lgem\u00e4lde aus dem Dafen Village Art Studio\" width=\"800\" height=\"201\" data-src=\"https:\/\/www.dafennet.com\/wp-content\/uploads\/2024\/01\/33-800x201.gif\" data-srcset=\"https:\/\/www.dafennet.com\/wp-content\/uploads\/2024\/01\/33-800x201.gif 800w, https:\/\/www.dafennet.com\/wp-content\/uploads\/2024\/01\/33-768x193.gif 768w, https:\/\/www.dafennet.com\/wp-content\/uploads\/2024\/01\/33-510x128.gif 510w\" \/><span style=\"color: #555555; font-size: 14.4px;\">\u00a0<\/span><img decoding=\"async\" class=\"alignnone size-medium wp-image-14242 lazy-load-active\" style=\"color: #555555; font-size: 14.4px;\" title=\"\u00d6lgem\u00e4lde \u2019Der Wanderer \u00fcber dem Nebelmeer\u201c | Reproduktion von Caspar David Friedrich | Dafen Village Art 5\" src=\"https:\/\/www.dafennet.com\/wp-content\/uploads\/2024\/01\/44-800x181.gif\" sizes=\"(max-width: 800px) 100vw, 800px\" srcset=\"https:\/\/www.dafennet.com\/wp-content\/uploads\/2024\/01\/44-800x181.gif 800w, https:\/\/www.dafennet.com\/wp-content\/uploads\/2024\/01\/44-768x174.gif 768w, https:\/\/www.dafennet.com\/wp-content\/uploads\/2024\/01\/44-510x116.gif 510w\" alt=\"\u00d6lgem\u00e4lde \u2019Der Wanderer \u00fcber dem Nebelmeer\u201c | Reproduktion von Caspar David Friedrich | \u00d6lgem\u00e4lde aus dem Dafen Village Art Studio\" width=\"800\" height=\"181\" data-src=\"https:\/\/www.dafennet.com\/wp-content\/uploads\/2024\/01\/44-800x181.gif\" data-srcset=\"https:\/\/www.dafennet.com\/wp-content\/uploads\/2024\/01\/44-800x181.gif 800w, https:\/\/www.dafennet.com\/wp-content\/uploads\/2024\/01\/44-768x174.gif 768w, https:\/\/www.dafennet.com\/wp-content\/uploads\/2024\/01\/44-510x116.gif 510w\" \/><span style=\"color: #555555; font-size: 14.4px;\">\u00a0<\/span><img decoding=\"async\" class=\"alignnone size-medium wp-image-14243 lazy-load-active\" style=\"color: #555555; font-size: 14.4px;\" title=\"\u00d6lgem\u00e4lde \u2019Der Wanderer \u00fcber dem Nebelmeer\u201c | Reproduktion von Caspar David Friedrich | Dafen Village Art 6\" src=\"https:\/\/www.dafennet.com\/wp-content\/uploads\/2024\/01\/55-800x240.gif\" sizes=\"(max-width: 800px) 100vw, 800px\" srcset=\"https:\/\/www.dafennet.com\/wp-content\/uploads\/2024\/01\/55-800x240.gif 800w, https:\/\/www.dafennet.com\/wp-content\/uploads\/2024\/01\/55-768x230.gif 768w, https:\/\/www.dafennet.com\/wp-content\/uploads\/2024\/01\/55-510x153.gif 510w\" alt=\"\u00d6lgem\u00e4lde \u2019Der Wanderer \u00fcber dem Nebelmeer\u201c | Reproduktion von Caspar David Friedrich | \u00d6lgem\u00e4lde aus dem Dafen Village Art Studio\" width=\"800\" height=\"240\" data-src=\"https:\/\/www.dafennet.com\/wp-content\/uploads\/2024\/01\/55-800x240.gif\" data-srcset=\"https:\/\/www.dafennet.com\/wp-content\/uploads\/2024\/01\/55-800x240.gif 800w, https:\/\/www.dafennet.com\/wp-content\/uploads\/2024\/01\/55-768x230.gif 768w, https:\/\/www.dafennet.com\/wp-content\/uploads\/2024\/01\/55-510x153.gif 510w\" \/><\/p>\n<p><img decoding=\"async\" class=\"alignnone size-medium wp-image-14244 lazy-load-active\" title=\"\u00d6lgem\u00e4lde \u2019Der Wanderer \u00fcber dem Nebelmeer\u201c | Reproduktion von Caspar David Friedrich | Dafen Village Art 7\" src=\"https:\/\/www.dafennet.com\/wp-content\/uploads\/2024\/01\/66-800x236.gif\" sizes=\"(max-width: 800px) 100vw, 800px\" srcset=\"https:\/\/www.dafennet.com\/wp-content\/uploads\/2024\/01\/66-800x236.gif 800w, https:\/\/www.dafennet.com\/wp-content\/uploads\/2024\/01\/66-768x226.gif 768w, https:\/\/www.dafennet.com\/wp-content\/uploads\/2024\/01\/66-510x150.gif 510w\" alt=\"\u00d6lgem\u00e4lde \u2019Der Wanderer \u00fcber dem Nebelmeer\u201c | Reproduktion von Caspar David Friedrich | \u00d6lgem\u00e4lde aus dem Dafen Village Art Studio\" width=\"800\" height=\"236\" data-src=\"https:\/\/www.dafennet.com\/wp-content\/uploads\/2024\/01\/66-800x236.gif\" data-srcset=\"https:\/\/www.dafennet.com\/wp-content\/uploads\/2024\/01\/66-800x236.gif 800w, https:\/\/www.dafennet.com\/wp-content\/uploads\/2024\/01\/66-768x226.gif 768w, https:\/\/www.dafennet.com\/wp-content\/uploads\/2024\/01\/66-510x150.gif 510w\" \/><\/p>","protected":false},"excerpt":{"rendered":"<p>Alphonse Maria Mucha \u2013 Morning Star (1902) Bring celestial elegance into your space with this hand-painted oil painting reproduction of \u201cMorning Star\u201d (1902) by Alphonse Maria Mucha (1860\u20131939), the celebrated Symbolist painter and printmaker. Created during the mature period of Mucha\u2019s career, this artwork reflects his fascination with cosmic symbolism, feminine grace, and spiritual beauty. [&#8230;]\n","protected":false},"featured_media":368777,"comment_status":"open","ping_status":"closed","template":"","meta":[],"product_brand":[],"product_cat":[372,168,179],"product_tag":[],"class_list":["post-368776","product","type-product","status-publish","has-post-thumbnail","product_cat-alphonse-mucha-oil-paintings","product_cat-art-nouveau","product_cat-people","first","instock","shipping-taxable","purchasable","product-type-simple"],"_links":{"self":[{"href":"https:\/\/www.dafennet.com\/de\/wp-json\/wp\/v2\/product\/368776","targetHints":{"allow":["GET"]}}],"collection":[{"href":"https:\/\/www.dafennet.com\/de\/wp-json\/wp\/v2\/product"}],"about":[{"href":"https:\/\/www.dafennet.com\/de\/wp-json\/wp\/v2\/types\/product"}],"replies":[{"embeddable":true,"href":"https:\/\/www.dafennet.com\/de\/wp-json\/wp\/v2\/comments?post=368776"}],"wp:featuredmedia":[{"embeddable":true,"href":"https:\/\/www.dafennet.com\/de\/wp-json\/wp\/v2\/media\/368777"}],"wp:attachment":[{"href":"https:\/\/www.dafennet.com\/de\/wp-json\/wp\/v2\/media?parent=368776"}],"wp:term":[{"taxonomy":"product_brand","embeddable":true,"href":"https:\/\/www.dafennet.com\/de\/wp-json\/wp\/v2\/product_brand?post=368776"},{"taxonomy":"product_cat","embeddable":true,"href":"https:\/\/www.dafennet.com\/de\/wp-json\/wp\/v2\/product_cat?post=368776"},{"taxonomy":"product_tag","embeddable":true,"href":"https:\/\/www.dafennet.com\/de\/wp-json\/wp\/v2\/product_tag?post=368776"}],"curies":[{"name":"wp","href":"https:\/\/api.w.org\/{rel}","templated":true}]}}